{"id":4287,"date":"2022-08-10T13:57:05","date_gmt":"2022-08-10T13:57:05","guid":{"rendered":"https:\/\/www.lauraechristiangrado.it\/?page_id=4287"},"modified":"2022-08-11T08:23:47","modified_gmt":"2022-08-11T08:23:47","slug":"info-hausordung","status":"publish","type":"page","link":"https:\/\/www.lauraechristiangrado.it\/de\/info-hausordung\/","title":{"rendered":"Info Hausordung"},"content":{"rendered":"\t\t<div data-elementor-type=\"wp-post\" data-elementor-id=\"4287\" class=\"elementor elementor-4287 elementor-4286\">\n\t\t\t\t\t\t<section class=\"elementor-section elementor-top-section elementor-element elementor-element-8a52f92 elementor-section-boxed elementor-section-height-default elementor-section-height-default\" data-id=\"8a52f92\" data-element_type=\"section\" data-e-type=\"section\" data-settings=\"{&quot;hoteller_ext_is_background_parallax&quot;:&quot;false&quot;,&quot;hoteller_ext_is_background_on_scroll&quot;:&quot;false&quot;}\">\n\t\t\t\t\t\t<div class=\"elementor-container elementor-column-gap-default\">\n\t\t\t\t\t<div class=\"elementor-column elementor-col-100 elementor-top-column elementor-element elementor-element-1b3cc5c\" data-id=\"1b3cc5c\" data-element_type=\"column\" data-e-type=\"column\" data-settings=\"{&quot;hoteller_ext_link_sidemenu&quot;:&quot;false&quot;,&quot;hoteller_ext_link_fullmenu&quot;:&quot;false&quot;,&quot;hoteller_ext_is_scrollme&quot;:&quot;false&quot;,&quot;hoteller_ext_is_smoove&quot;:&quot;false&quot;,&quot;hoteller_ext_is_parallax_mouse&quot;:&quot;false&quot;,&quot;hoteller_ext_is_infinite&quot;:&quot;false&quot;,&quot;hoteller_ext_is_fadeout_animation&quot;:&quot;false&quot;}\">\n\t\t\t<div class=\"elementor-widget-wrap elementor-element-populated\">\n\t\t\t\t\t\t<div class=\"elementor-element elementor-element-44e31d8 elementor-invisible elementor-widget elementor-widget-heading\" data-id=\"44e31d8\" data-element_type=\"widget\" data-e-type=\"widget\" data-settings=\"{&quot;_animation&quot;:&quot;fadeInUp&quot;,&quot;hoteller_ext_link_sidemenu&quot;:&quot;false&quot;,&quot;hoteller_ext_link_fullmenu&quot;:&quot;false&quot;,&quot;hoteller_ext_is_scrollme&quot;:&quot;false&quot;,&quot;hoteller_ext_is_smoove&quot;:&quot;false&quot;,&quot;hoteller_ext_is_parallax_mouse&quot;:&quot;false&quot;,&quot;hoteller_ext_is_infinite&quot;:&quot;false&quot;,&quot;hoteller_ext_is_fadeout_animation&quot;:&quot;false&quot;}\" data-widget_type=\"heading.default\">\n\t\t\t\t<div class=\"elementor-widget-container\">\n\t\t\t\t\t<h1 class=\"elementor-heading-title elementor-size-default\">Info Hausordung<\/h1>\t\t\t\t<\/div>\n\t\t\t\t<\/div>\n\t\t\t\t<div class=\"elementor-element elementor-element-5957f8a elementor-invisible elementor-widget elementor-widget-text-editor\" data-id=\"5957f8a\" data-element_type=\"widget\" data-e-type=\"widget\" data-settings=\"{&quot;_animation&quot;:&quot;fadeInUp&quot;,&quot;_animation_delay&quot;:400,&quot;hoteller_ext_link_sidemenu&quot;:&quot;false&quot;,&quot;hoteller_ext_link_fullmenu&quot;:&quot;false&quot;,&quot;hoteller_ext_is_scrollme&quot;:&quot;false&quot;,&quot;hoteller_ext_is_smoove&quot;:&quot;false&quot;,&quot;hoteller_ext_is_parallax_mouse&quot;:&quot;false&quot;,&quot;hoteller_ext_is_infinite&quot;:&quot;false&quot;,&quot;hoteller_ext_is_fadeout_animation&quot;:&quot;false&quot;}\" data-widget_type=\"text-editor.default\">\n\t\t\t\t<div class=\"elementor-widget-container\">\n\t\t\t\t\t\t\t\t\t<p class=\"p1\"><span class=\"s1\">1. Die angegebenen Preise f\u00fcr den Aufenthalt beinhalten die Nutzung des Zimmers und seiner Dienstleistungen, das Bad und seine Accessoires, die Bereitstellung von Handt\u00fcchern und Bettw\u00e4sche. <\/span><\/p><p class=\"p1\">2. In der Buchungsbest\u00e4tigung bitten wir um eine Kreditkartennummer als Garantie. Im Falle, dass innerhalb von drei Tagen vor der Ankunft keine Mitteilung \u00fcber die Stornierung erfolgt, beh\u00e4lt die Immobilie den Betrag der ersten Nacht von der angegebenen Karte ein.<\/p><p class=\"p1\">3. Beim Einchecken ist ein g\u00fcltiger Ausweis erforderlich. Andernfalls ist eine Registrierung nicht m\u00f6glich. Wir achten darauf, dass Ihre personenbezogenen Daten stets in \u00dcbereinstimmung mit den Bestimmungen des Datenschutzgesetzes verarbeitet werden.<\/p><p class=\"p1\">4. Die Check-in-Zeit geht von 14.00 bis 17.00 Uhr <span class=\"s1\">am Tag der Ankunft und kann aber auch nach Vereinbarung genauer definiert werden. <\/span><\/p><p class=\"p1\"><span class=\"s1\">5. Die Check-out-Zeit ist am Abreisetag <\/span>bis 11.00 Uhr <span class=\"s1\">festgelegt, um sicherzustellen, dass der n\u00e4chste ankommende Kunde eine saubere und ordentliche Unterkunft genie\u00dfen kann. Beim Check-out wird das Zimmer bezahlt. Falls im Zimmer Sch\u00e4den an Gegenst\u00e4nden oder M\u00f6beln festgestellt werden, wird auch eine entsprechende Entsch\u00e4digung berechnet. <\/span><\/p><p class=\"p1\"><span class=\"s1\">6. Es ist ratsam, keine Wertgegenst\u00e4nde in den Zimmern, im Bad oder in einer anderen gemeinsamen Umgebung unserer Struktur unbeaufsichtigt zu lassen. Die Zimmer sind mit einem Safe ausgestattet. <\/span><\/p><p class=\"p1\"><span class=\"s1\">7. Die Struktur ist nicht verantwortlich f\u00fcr den Fall von Verlust, Besch\u00e4digung und\/oder Diebstahl von unbeaufsichtigten Gegenst\u00e4nden und \u00fcbernimmt keine Verantwortung f\u00fcr Personen- oder Sachsch\u00e4den, die von Dritten verursacht werden oder die an Dritte verursacht werden. Von den G\u00e4sten festgestellte Sch\u00e4den an der Einrichtung oder Ausstattung derselben mit Haftung sind unverz\u00fcglich zu melden und zu ersetzen. <\/span><\/p><p class=\"p1\"><span class=\"s1\">8. Bei Problemen, die nicht auf unsere Verantwortung bei der Erbringung von Dienstleistungen wie z. B. Internetanschluss, Telefonanschluss, Wasser, Gas, Strom zur\u00fcckzuf\u00fchren sind, haften wir nicht f\u00fcr den entstandenen Schaden. <\/span><\/p><p class=\"p1\"><span class=\"s1\">9. Ihr Zimmerschl\u00fcssel und der T\u00fcrschl\u00fcssel m\u00fcssen am Tag der Abreise zur\u00fcckgegeben werden. Im Falle eines Verlusts wird Ihnen der Ersatz beim Check-out in Rechnung gestellt. <\/span><\/p><p class=\"p1\"><span class=\"s1\">10. Um allen unseren G\u00e4sten einen angenehmen Aufenthalt zu erm\u00f6glichen, bitten wir Sie, w\u00e4hrend der Ruhezeiten keine Schreie oder st\u00f6renden Ger\u00e4usche zu machen.<span class=\"Apple-converted-space\">\u00a0<\/span><\/span><\/p><p class=\"p1\">11. Stornierung ist kostenfreie bis zum drei Tage vorher die Ankunf. Nach diese Moment, faellt die Strafe mit den Kosten von die erste Nacht gebucht.<span class=\"Apple-converted-space\">\u00a0<\/span><\/p>\t\t\t\t\t\t\t\t<\/div>\n\t\t\t\t<\/div>\n\t\t\t\t\t<\/div>\n\t\t<\/div>\n\t\t\t\t\t<\/div>\n\t\t<\/section>\n\t\t\t\t<section class=\"elementor-section elementor-top-section elementor-element elementor-element-4e5d990 elementor-section-boxed elementor-section-height-default elementor-section-height-default\" data-id=\"4e5d990\" data-element_type=\"section\" data-e-type=\"section\" data-settings=\"{&quot;hoteller_ext_is_background_parallax&quot;:&quot;false&quot;,&quot;hoteller_ext_is_background_on_scroll&quot;:&quot;false&quot;}\">\n\t\t\t\t\t\t<div class=\"elementor-container elementor-column-gap-default\">\n\t\t\t\t\t<div class=\"elementor-column elementor-col-100 elementor-top-column elementor-element elementor-element-44aef69\" data-id=\"44aef69\" data-element_type=\"column\" data-e-type=\"column\" data-settings=\"{&quot;hoteller_ext_link_sidemenu&quot;:&quot;false&quot;,&quot;hoteller_ext_link_fullmenu&quot;:&quot;false&quot;,&quot;hoteller_ext_is_scrollme&quot;:&quot;false&quot;,&quot;hoteller_ext_is_smoove&quot;:&quot;false&quot;,&quot;hoteller_ext_is_parallax_mouse&quot;:&quot;false&quot;,&quot;hoteller_ext_is_infinite&quot;:&quot;false&quot;,&quot;hoteller_ext_is_fadeout_animation&quot;:&quot;false&quot;}\">\n\t\t\t<div class=\"elementor-widget-wrap elementor-element-populated\">\n\t\t\t\t\t\t<div class=\"elementor-element elementor-element-8440a64 elementor-invisible elementor-widget elementor-widget-text-editor\" data-id=\"8440a64\" data-element_type=\"widget\" data-e-type=\"widget\" data-settings=\"{&quot;_animation&quot;:&quot;fadeInUp&quot;,&quot;_animation_delay&quot;:400,&quot;hoteller_ext_link_sidemenu&quot;:&quot;false&quot;,&quot;hoteller_ext_link_fullmenu&quot;:&quot;false&quot;,&quot;hoteller_ext_is_scrollme&quot;:&quot;false&quot;,&quot;hoteller_ext_is_smoove&quot;:&quot;false&quot;,&quot;hoteller_ext_is_parallax_mouse&quot;:&quot;false&quot;,&quot;hoteller_ext_is_infinite&quot;:&quot;false&quot;,&quot;hoteller_ext_is_fadeout_animation&quot;:&quot;false&quot;}\" data-widget_type=\"text-editor.default\">\n\t\t\t\t<div class=\"elementor-widget-container\">\n\t\t\t\t\t\t\t\t\t<h5>WICHTIG: American Express- und Diners-Kartenzahlungen werden nicht akzeptiert. Wir akzeptieren nur Zahlungen mit Visa, Mastercard und Bargeld.<\/h5><h5>Wir akzeptieren auch keine Buchungen \u00fcber Social Media oder Telefon, sondern nur per E-Mail und WhatsApp.<\/h5>\t\t\t\t\t\t\t\t<\/div>\n\t\t\t\t<\/div>\n\t\t\t\t\t<\/div>\n\t\t<\/div>\n\t\t\t\t\t<\/div>\n\t\t<\/section>\n\t\t\t\t<section class=\"elementor-section elementor-top-section elementor-element elementor-element-a1ce952 elementor-section-stretched elementor-section-height-min-height elementor-section-boxed elementor-section-height-default elementor-section-items-middle\" data-id=\"a1ce952\" data-element_type=\"section\" data-e-type=\"section\" data-settings=\"{&quot;stretch_section&quot;:&quot;section-stretched&quot;,&quot;background_background&quot;:&quot;classic&quot;,&quot;shape_divider_bottom&quot;:&quot;waves&quot;,&quot;hoteller_ext_is_background_parallax&quot;:&quot;false&quot;,&quot;hoteller_ext_is_background_on_scroll&quot;:&quot;false&quot;}\">\n\t\t\t\t\t<div class=\"elementor-shape elementor-shape-bottom\" aria-hidden=\"true\" data-negative=\"false\">\n\t\t\t<svg xmlns=\"http:\/\/www.w3.org\/2000\/svg\" viewBox=\"0 0 1000 100\" preserveAspectRatio=\"none\">\n\t<path class=\"elementor-shape-fill\" d=\"M421.9,6.5c22.6-2.5,51.5,0.4,75.5,5.3c23.6,4.9,70.9,23.5,100.5,35.7c75.8,32.2,133.7,44.5,192.6,49.7\n\tc23.6,2.1,48.7,3.5,103.4-2.5c54.7-6,106.2-25.6,106.2-25.6V0H0v30.3c0,0,72,32.6,158.4,30.5c39.2-0.7,92.8-6.7,134-22.4\n\tc21.2-8.1,52.2-18.2,79.7-24.2C399.3,7.9,411.6,7.5,421.9,6.5z\"\/>\n<\/svg>\t\t<\/div>\n\t\t\t\t\t<div class=\"elementor-container elementor-column-gap-default\">\n\t\t\t\t\t<div class=\"elementor-column elementor-col-100 elementor-top-column elementor-element elementor-element-4ae961d\" data-id=\"4ae961d\" data-element_type=\"column\" data-e-type=\"column\" data-settings=\"{&quot;hoteller_ext_link_sidemenu&quot;:&quot;false&quot;,&quot;hoteller_ext_link_fullmenu&quot;:&quot;false&quot;,&quot;hoteller_ext_is_scrollme&quot;:&quot;false&quot;,&quot;hoteller_ext_is_smoove&quot;:&quot;false&quot;,&quot;hoteller_ext_is_parallax_mouse&quot;:&quot;false&quot;,&quot;hoteller_ext_is_infinite&quot;:&quot;false&quot;,&quot;hoteller_ext_is_fadeout_animation&quot;:&quot;false&quot;}\">\n\t\t\t<div class=\"elementor-widget-wrap\">\n\t\t\t\t\t\t\t<\/div>\n\t\t<\/div>\n\t\t\t\t\t<\/div>\n\t\t<\/section>\n\t\t\t\t<\/div>\n\t\t","protected":false},"excerpt":{"rendered":"<p>Info Hausordung 1. Die angegebenen Preise f\u00fcr den Aufenthalt beinhalten die Nutzung des Zimmers und seiner Dienstleistungen, das Bad und seine Accessoires, die Bereitstellung von Handt\u00fcchern und Bettw\u00e4sche. 2. In der Buchungsbest\u00e4tigung bitten wir um eine Kreditkartennummer als Garantie. Im [&hellip;]<\/p>\n","protected":false},"author":1,"featured_media":0,"parent":0,"menu_order":0,"comment_status":"closed","ping_status":"closed","template":"","meta":{"_joinchat":[],"footnotes":""},"class_list":["post-4287","page","type-page","status-publish","hentry"],"yoast_head":"<!-- This site is optimized with the Yoast SEO plugin v27.5 - https:\/\/yoast.com\/product\/yoast-seo-wordpress\/ -->\n<title>Info Hausordung - Laura &amp; Christian B&amp;B Grado Affitta Camere<\/title>\n<meta name=\"robots\" content=\"index, follow, max-snippet:-1, max-image-preview:large, max-video-preview:-1\" \/>\n<link rel=\"canonical\" href=\"https:\/\/www.lauraechristiangrado.it\/de\/info-hausordung\/\" \/>\n<meta property=\"og:locale\" content=\"de_DE\" \/>\n<meta property=\"og:type\" content=\"article\" \/>\n<meta property=\"og:title\" content=\"Info Hausordung - Laura &amp; Christian B&amp;B Grado Affitta Camere\" \/>\n<meta property=\"og:description\" content=\"Info Hausordung 1. Die angegebenen Preise f\u00fcr den Aufenthalt beinhalten die Nutzung des Zimmers und seiner Dienstleistungen, das Bad und seine Accessoires, die Bereitstellung von Handt\u00fcchern und Bettw\u00e4sche. 2. In der Buchungsbest\u00e4tigung bitten wir um eine Kreditkartennummer als Garantie. Im [&hellip;]\" \/>\n<meta property=\"og:url\" content=\"https:\/\/www.lauraechristiangrado.it\/de\/info-hausordung\/\" \/>\n<meta property=\"og:site_name\" content=\"Laura &amp; Christian B&amp;B Grado Affitta Camere\" \/>\n<meta property=\"article:modified_time\" content=\"2022-08-11T08:23:47+00:00\" \/>\n<meta name=\"twitter:card\" content=\"summary_large_image\" \/>\n<meta name=\"twitter:label1\" content=\"Gesch\u00e4tzte Lesezeit\" \/>\n\t<meta name=\"twitter:data1\" content=\"2\u00a0Minuten\" \/>\n<script type=\"application\/ld+json\" class=\"yoast-schema-graph\">{\"@context\":\"https:\\\/\\\/schema.org\",\"@graph\":[{\"@type\":\"WebPage\",\"@id\":\"https:\\\/\\\/www.lauraechristiangrado.it\\\/de\\\/info-hausordung\\\/\",\"url\":\"https:\\\/\\\/www.lauraechristiangrado.it\\\/de\\\/info-hausordung\\\/\",\"name\":\"Info Hausordung - Laura &amp; Christian B&amp;B Grado Affitta Camere\",\"isPartOf\":{\"@id\":\"https:\\\/\\\/www.lauraechristiangrado.it\\\/#website\"},\"datePublished\":\"2022-08-10T13:57:05+00:00\",\"dateModified\":\"2022-08-11T08:23:47+00:00\",\"breadcrumb\":{\"@id\":\"https:\\\/\\\/www.lauraechristiangrado.it\\\/de\\\/info-hausordung\\\/#breadcrumb\"},\"inLanguage\":\"de\",\"potentialAction\":[{\"@type\":\"ReadAction\",\"target\":[\"https:\\\/\\\/www.lauraechristiangrado.it\\\/de\\\/info-hausordung\\\/\"]}]},{\"@type\":\"BreadcrumbList\",\"@id\":\"https:\\\/\\\/www.lauraechristiangrado.it\\\/de\\\/info-hausordung\\\/#breadcrumb\",\"itemListElement\":[{\"@type\":\"ListItem\",\"position\":1,\"name\":\"Home\",\"item\":\"https:\\\/\\\/www.lauraechristiangrado.it\\\/\"},{\"@type\":\"ListItem\",\"position\":2,\"name\":\"Info Hausordung\"}]},{\"@type\":\"WebSite\",\"@id\":\"https:\\\/\\\/www.lauraechristiangrado.it\\\/#website\",\"url\":\"https:\\\/\\\/www.lauraechristiangrado.it\\\/\",\"name\":\"Laura &amp; Christian B&amp;B Grado Affitta Camere\",\"description\":\"\",\"publisher\":{\"@id\":\"https:\\\/\\\/www.lauraechristiangrado.it\\\/#organization\"},\"potentialAction\":[{\"@type\":\"SearchAction\",\"target\":{\"@type\":\"EntryPoint\",\"urlTemplate\":\"https:\\\/\\\/www.lauraechristiangrado.it\\\/?s={search_term_string}\"},\"query-input\":{\"@type\":\"PropertyValueSpecification\",\"valueRequired\":true,\"valueName\":\"search_term_string\"}}],\"inLanguage\":\"de\"},{\"@type\":\"Organization\",\"@id\":\"https:\\\/\\\/www.lauraechristiangrado.it\\\/#organization\",\"name\":\"Laura & Christian B&B Grado Affitta Camere\",\"url\":\"https:\\\/\\\/www.lauraechristiangrado.it\\\/\",\"logo\":{\"@type\":\"ImageObject\",\"inLanguage\":\"de\",\"@id\":\"https:\\\/\\\/www.lauraechristiangrado.it\\\/#\\\/schema\\\/logo\\\/image\\\/\",\"url\":\"https:\\\/\\\/www.lauraechristiangrado.it\\\/wp-content\\\/uploads\\\/2022\\\/05\\\/camera-patrizia.jpg\",\"contentUrl\":\"https:\\\/\\\/www.lauraechristiangrado.it\\\/wp-content\\\/uploads\\\/2022\\\/05\\\/camera-patrizia.jpg\",\"width\":1920,\"height\":1280,\"caption\":\"Laura & Christian B&B Grado Affitta Camere\"},\"image\":{\"@id\":\"https:\\\/\\\/www.lauraechristiangrado.it\\\/#\\\/schema\\\/logo\\\/image\\\/\"}}]}<\/script>\n<!-- \/ Yoast SEO plugin. -->","yoast_head_json":{"title":"Info Hausordung - Laura &amp; Christian B&amp;B Grado Affitta Camere","robots":{"index":"index","follow":"follow","max-snippet":"max-snippet:-1","max-image-preview":"max-image-preview:large","max-video-preview":"max-video-preview:-1"},"canonical":"https:\/\/www.lauraechristiangrado.it\/de\/info-hausordung\/","og_locale":"de_DE","og_type":"article","og_title":"Info Hausordung - Laura &amp; Christian B&amp;B Grado Affitta Camere","og_description":"Info Hausordung 1. Die angegebenen Preise f\u00fcr den Aufenthalt beinhalten die Nutzung des Zimmers und seiner Dienstleistungen, das Bad und seine Accessoires, die Bereitstellung von Handt\u00fcchern und Bettw\u00e4sche. 2. In der Buchungsbest\u00e4tigung bitten wir um eine Kreditkartennummer als Garantie. Im [&hellip;]","og_url":"https:\/\/www.lauraechristiangrado.it\/de\/info-hausordung\/","og_site_name":"Laura &amp; Christian B&amp;B Grado Affitta Camere","article_modified_time":"2022-08-11T08:23:47+00:00","twitter_card":"summary_large_image","twitter_misc":{"Gesch\u00e4tzte Lesezeit":"2\u00a0Minuten"},"schema":{"@context":"https:\/\/schema.org","@graph":[{"@type":"WebPage","@id":"https:\/\/www.lauraechristiangrado.it\/de\/info-hausordung\/","url":"https:\/\/www.lauraechristiangrado.it\/de\/info-hausordung\/","name":"Info Hausordung - Laura &amp; Christian B&amp;B Grado Affitta Camere","isPartOf":{"@id":"https:\/\/www.lauraechristiangrado.it\/#website"},"datePublished":"2022-08-10T13:57:05+00:00","dateModified":"2022-08-11T08:23:47+00:00","breadcrumb":{"@id":"https:\/\/www.lauraechristiangrado.it\/de\/info-hausordung\/#breadcrumb"},"inLanguage":"de","potentialAction":[{"@type":"ReadAction","target":["https:\/\/www.lauraechristiangrado.it\/de\/info-hausordung\/"]}]},{"@type":"BreadcrumbList","@id":"https:\/\/www.lauraechristiangrado.it\/de\/info-hausordung\/#breadcrumb","itemListElement":[{"@type":"ListItem","position":1,"name":"Home","item":"https:\/\/www.lauraechristiangrado.it\/"},{"@type":"ListItem","position":2,"name":"Info Hausordung"}]},{"@type":"WebSite","@id":"https:\/\/www.lauraechristiangrado.it\/#website","url":"https:\/\/www.lauraechristiangrado.it\/","name":"Laura &amp; Christian B&amp;B Grado Affitta Camere","description":"","publisher":{"@id":"https:\/\/www.lauraechristiangrado.it\/#organization"},"potentialAction":[{"@type":"SearchAction","target":{"@type":"EntryPoint","urlTemplate":"https:\/\/www.lauraechristiangrado.it\/?s={search_term_string}"},"query-input":{"@type":"PropertyValueSpecification","valueRequired":true,"valueName":"search_term_string"}}],"inLanguage":"de"},{"@type":"Organization","@id":"https:\/\/www.lauraechristiangrado.it\/#organization","name":"Laura & Christian B&B Grado Affitta Camere","url":"https:\/\/www.lauraechristiangrado.it\/","logo":{"@type":"ImageObject","inLanguage":"de","@id":"https:\/\/www.lauraechristiangrado.it\/#\/schema\/logo\/image\/","url":"https:\/\/www.lauraechristiangrado.it\/wp-content\/uploads\/2022\/05\/camera-patrizia.jpg","contentUrl":"https:\/\/www.lauraechristiangrado.it\/wp-content\/uploads\/2022\/05\/camera-patrizia.jpg","width":1920,"height":1280,"caption":"Laura & Christian B&B Grado Affitta Camere"},"image":{"@id":"https:\/\/www.lauraechristiangrado.it\/#\/schema\/logo\/image\/"}}]}},"_links":{"self":[{"href":"https:\/\/www.lauraechristiangrado.it\/de\/wp-json\/wp\/v2\/pages\/4287","targetHints":{"allow":["GET"]}}],"collection":[{"href":"https:\/\/www.lauraechristiangrado.it\/de\/wp-json\/wp\/v2\/pages"}],"about":[{"href":"https:\/\/www.lauraechristiangrado.it\/de\/wp-json\/wp\/v2\/types\/page"}],"author":[{"embeddable":true,"href":"https:\/\/www.lauraechristiangrado.it\/de\/wp-json\/wp\/v2\/users\/1"}],"replies":[{"embeddable":true,"href":"https:\/\/www.lauraechristiangrado.it\/de\/wp-json\/wp\/v2\/comments?post=4287"}],"version-history":[{"count":16,"href":"https:\/\/www.lauraechristiangrado.it\/de\/wp-json\/wp\/v2\/pages\/4287\/revisions"}],"predecessor-version":[{"id":4359,"href":"https:\/\/www.lauraechristiangrado.it\/de\/wp-json\/wp\/v2\/pages\/4287\/revisions\/4359"}],"wp:attachment":[{"href":"https:\/\/www.lauraechristiangrado.it\/de\/wp-json\/wp\/v2\/media?parent=4287"}],"curies":[{"name":"wp","href":"https:\/\/api.w.org\/{rel}","templated":true}]}}